{"id":1738,"date":"2026-04-30T14:40:50","date_gmt":"2026-04-30T14:40:50","guid":{"rendered":"https:\/\/auto-nora.de\/cars\/skoda-karoq-2-0-tsi-sportline-4x4\/"},"modified":"2026-05-01T10:34:07","modified_gmt":"2026-05-01T10:34:07","slug":"skoda-karoq-2-0-tsi-sportline-4x4","status":"publish","type":"cars","link":"https:\/\/auto-nora.de\/fr\/cars\/skoda-karoq-2-0-tsi-sportline-4x4\/","title":{"rendered":"Skoda &#8211; Karoq 2.0 TSI Sportline 4&#215;4"},"content":{"rendered":"<p>N0K sellerie en cuir noir, 4A4 si\u00e8ges chauffants \u00e0 l\u2019avant et \u00e0 l\u2019arri\u00e8re, 1G9 roue de secours compacte, 1M6 attelage m\u00e9canique pivotant avec d\u00e9clenchement \u00e9lectrique, 2PT volant sport multifonction en cuir \u00e0 3 branches avec chauffage et palettes de changement de vitesse, 3N6 \u00e9l\u00e9ments de rangement dans le coffre, 3PN r\u00e9glage \u00e9lectrique des si\u00e8ges avant avec m\u00e9moire, 4E6 p\u00e9dale virtuelle pour ouverture et fermeture \u00e9lectrique du hayon, 6XL r\u00e9troviseurs ext\u00e9rieurs avec fonction m\u00e9moire, \u00e9lectrochromes, r\u00e9glables, chauffants et rabattables \u00e9lectriquement, EM1 d\u00e9tection de fatigue du conducteur, W5G pack Parking Plus (Area View 360\u00b0, assistant de stationnement)<\/p>\n<p>\u00c9quipements de s\u00e9rie :<br \/>\n\u00c9clairage tout temps, d\u2019intersection et autoroutier, \u00e9clairage d\u2019ambiance version 2, aide au d\u00e9marrage en c\u00f4te, Climatronic, pack confort, r\u00e9ception radio num\u00e9rique DAB, barres de toit noires, airbag genoux conducteur, assistant de feux, s\u00e9lection du profil de conduite, vitres \u00e9lectriques avec commande confort et protection anti-pincement, Front Assist avec freinage d\u2019urgence en ville, r\u00e9gulateur de vitesse avec limiteur, r\u00e9troviseur int\u00e9rieur \u00e9lectrochrome, Kessy Full sans Safe System, fixations ISOFIX pour si\u00e8ge enfant, pare-brise confort climatique, t\u00e9l\u00e9phonie confort avec LTE et recharge sans fil, airbags de t\u00eate avec airbags lat\u00e9raux avant et arri\u00e8re, Lane Assist, soutien lombaire r\u00e9glable \u00e9lectriquement \u00e0 l\u2019avant, r\u00e9glage automatique\/dynamique de la port\u00e9e des phares avec \u00e9clairage en virage, phares Matrix LED, accoudoir central avant, syst\u00e8me de navigation Amundsen avec web radio, syst\u00e8me d\u2019appel d\u2019urgence, contr\u00f4le de pression des pneus, banquette arri\u00e8re monobloc avec dossier rabattable et accoudoir central, buses de lave-glace chauffantes \u00e0 l\u2019avant, essuie-glaces avec capteur de pluie et de luminosit\u00e9, lave-phares, Smart Link (sans fil pour Apple), commande vocale, syst\u00e8me start-stop, vitres teint\u00e9es (Sunset), cockpit virtuel, antid\u00e9marrage \u00e9lectronique, pack Winter Plus, inserts d\u00e9coratifs noirs, 3 cl\u00e9s, prise 12 V dans le coffre, jantes alliage 18 pouces Procyon noires<\/p>\n<p>Garantie prolong\u00e9e Skoda jusqu\u2019au 23.05.2027 \/ 90 000 km<\/p>","protected":false},"featured_media":0,"template":"","brands":[170],"getriebe":[32],"farbe":[561],"kraftstoff":[18],"antrieb":[19],"class_list":["post-1738","cars","type-cars","status-publish","hentry","brands-skoda","getriebe-automatikgetriebe","farbe-velvet-rot","kraftstoff-benzin","antrieb-allradantrieb"],"_links":{"self":[{"href":"https:\/\/auto-nora.de\/fr\/wp-json\/wp\/v2\/cars\/1738","targetHints":{"allow":["GET"]}}],"collection":[{"href":"https:\/\/auto-nora.de\/fr\/wp-json\/wp\/v2\/cars"}],"about":[{"href":"https:\/\/auto-nora.de\/fr\/wp-json\/wp\/v2\/types\/cars"}],"wp:attachment":[{"href":"https:\/\/auto-nora.de\/fr\/wp-json\/wp\/v2\/media?parent=1738"}],"wp:term":[{"taxonomy":"brands","embeddable":true,"href":"https:\/\/auto-nora.de\/fr\/wp-json\/wp\/v2\/brands?post=1738"},{"taxonomy":"getriebe","embeddable":true,"href":"https:\/\/auto-nora.de\/fr\/wp-json\/wp\/v2\/getriebe?post=1738"},{"taxonomy":"farbe","embeddable":true,"href":"https:\/\/auto-nora.de\/fr\/wp-json\/wp\/v2\/farbe?post=1738"},{"taxonomy":"kraftstoff","embeddable":true,"href":"https:\/\/auto-nora.de\/fr\/wp-json\/wp\/v2\/kraftstoff?post=1738"},{"taxonomy":"antrieb","embeddable":true,"href":"https:\/\/auto-nora.de\/fr\/wp-json\/wp\/v2\/antrieb?post=1738"}],"curies":[{"name":"wp","href":"https:\/\/api.w.org\/{rel}","templated":true}]}}